{"id":13195,"date":"2023-01-20T08:56:28","date_gmt":"2023-01-20T08:56:28","guid":{"rendered":"https:\/\/harmonitydev.bogatic.rs\/local-government\/municipal-administration\/head-of-the-municipal-administration-branko-danilovic\/"},"modified":"2023-02-20T10:28:13","modified_gmt":"2023-02-20T10:28:13","slug":"head-of-the-municipal-administration-branko-danilovic","status":"publish","type":"page","link":"https:\/\/bogatic.rs\/en\/local-government\/municipal-administration-of-bogatic-municipality\/head-of-the-municipal-administration-branko-danilovic\/","title":{"rendered":"Head of the Municipal Administration &#8211; Branko Danilovi\u0107"},"content":{"rendered":"\t\t<div data-elementor-type=\"wp-page\" data-elementor-id=\"13195\" class=\"elementor elementor-13195\">\n\t\t\t\t<div class=\"elementor-element elementor-element-03bcf51 e-flex e-con-boxed e-con e-parent\" data-id=\"03bcf51\" data-element_type=\"container\" data-e-type=\"container\">\n\t\t\t\t\t<div class=\"e-con-inner\">\n\t\t<div class=\"elementor-element elementor-element-5df4f22 e-con-full e-flex e-con e-parent\" data-id=\"5df4f22\" data-element_type=\"container\" data-e-type=\"container\">\n\t\t\t\t<div class=\"elementor-element elementor-element-9ade4d8 elementor-widget elementor-widget-shortcode\" data-id=\"9ade4d8\" data-element_type=\"widget\" data-e-type=\"widget\" data-widget_type=\"shortcode.default\">\n\t\t\t\t<div class=\"elementor-widget-container\">\n\t\t\t\t\t\t\t<div class=\"elementor-shortcode\">[bellows config_id=\"main\" menu=\"23\"]<\/div>\n\t\t\t\t\t\t<\/div>\n\t\t\t\t<\/div>\n\t\t\t\t<\/div>\n\t\t<div class=\"elementor-element elementor-element-ffac587 e-con-full e-flex e-con e-parent\" data-id=\"ffac587\" data-element_type=\"container\" data-e-type=\"container\">\n\t\t<div class=\"elementor-element elementor-element-74b2522 content-wrapper e-flex e-con-boxed e-con e-parent\" data-id=\"74b2522\" data-element_type=\"container\" data-e-type=\"container\">\n\t\t\t\t\t<div class=\"e-con-inner\">\n\t\t<div class=\"elementor-element elementor-element-c4b1049 e-flex e-con-boxed e-con e-parent\" data-id=\"c4b1049\" data-element_type=\"container\" data-e-type=\"container\">\n\t\t\t\t\t<div class=\"e-con-inner\">\n\t\t\t\t<div class=\"elementor-element elementor-element-3023f30 elementor-widget elementor-widget-heading\" data-id=\"3023f30\" data-element_type=\"widget\" data-e-type=\"widget\" data-widget_type=\"heading.default\">\n\t\t\t\t<div class=\"elementor-widget-container\">\n\t\t\t\t\t<h2 class=\"elementor-heading-title elementor-size-default\">Head of the Municipal Administration - Branko Danilovi\u0107<\/h2>\t\t\t\t<\/div>\n\t\t\t\t<\/div>\n\t\t\t\t\t<\/div>\n\t\t\t\t<\/div>\n\t\t<div class=\"elementor-element elementor-element-0a67f3f e-flex e-con-boxed e-con e-parent\" data-id=\"0a67f3f\" data-element_type=\"container\" data-e-type=\"container\">\n\t\t\t\t\t<div class=\"e-con-inner\">\n\t\t<div class=\"elementor-element elementor-element-9941974 e-con-full e-flex e-con e-parent\" data-id=\"9941974\" data-element_type=\"container\" data-e-type=\"container\">\n\t\t\t\t<div class=\"elementor-element elementor-element-eab228f elementor-widget elementor-widget-image\" data-id=\"eab228f\" data-element_type=\"widget\" data-e-type=\"widget\" data-widget_type=\"image.default\">\n\t\t\t\t<div class=\"elementor-widget-container\">\n\t\t\t\t\t\t\t\t\t\t\t\t\t\t\t\t<a href=\"https:\/\/bogatic.rs\/wp-content\/uploads\/2023\/01\/Branko-Danilovic.jpg\" data-elementor-open-lightbox=\"yes\" data-elementor-lightbox-title=\"Branko Danilovic\" data-e-action-hash=\"#elementor-action%3Aaction%3Dlightbox%26settings%3DeyJpZCI6MTI3NDgsInVybCI6Imh0dHBzOlwvXC9ib2dhdGljLnJzXC93cC1jb250ZW50XC91cGxvYWRzXC8yMDIzXC8wMVwvQnJhbmtvLURhbmlsb3ZpYy5qcGcifQ%3D%3D\">\n\t\t\t\t\t\t\t<img fetchpriority=\"high\" decoding=\"async\" width=\"1024\" height=\"618\" src=\"https:\/\/bogatic.rs\/wp-content\/uploads\/2023\/01\/Branko-Danilovic-1024x618.jpg\" class=\"attachment-large size-large wp-image-12748\" alt=\"\" srcset=\"https:\/\/bogatic.rs\/wp-content\/uploads\/2023\/01\/Branko-Danilovic-1024x618.jpg 1024w, https:\/\/bogatic.rs\/wp-content\/uploads\/2023\/01\/Branko-Danilovic-300x181.jpg 300w, https:\/\/bogatic.rs\/wp-content\/uploads\/2023\/01\/Branko-Danilovic-768x463.jpg 768w, https:\/\/bogatic.rs\/wp-content\/uploads\/2023\/01\/Branko-Danilovic-1536x926.jpg 1536w, https:\/\/bogatic.rs\/wp-content\/uploads\/2023\/01\/Branko-Danilovic.jpg 1600w\" sizes=\"(max-width: 1024px) 100vw, 1024px\" \/>\t\t\t\t\t\t\t\t<\/a>\n\t\t\t\t\t\t\t\t\t\t\t\t\t\t\t<\/div>\n\t\t\t\t<\/div>\n\t\t\t\t<div class=\"elementor-element elementor-element-bd2e919 elementor-widget elementor-widget-text-editor\" data-id=\"bd2e919\" data-element_type=\"widget\" data-e-type=\"widget\" data-widget_type=\"text-editor.default\">\n\t\t\t\t<div class=\"elementor-widget-container\">\n\t\t\t\t\t\t\t\t\t<p style=\"text-align: center;\">Branko Danilovi\u0107<\/p>\n\t\t\t\t\t\t\t\t<\/div>\n\t\t\t\t<\/div>\n\t\t\t\t<\/div>\n\t\t<div class=\"elementor-element elementor-element-f0ab714 e-flex e-con-boxed e-con e-parent\" data-id=\"f0ab714\" data-element_type=\"container\" data-e-type=\"container\">\n\t\t\t\t\t<div class=\"e-con-inner\">\n\t\t\t\t<div class=\"elementor-element elementor-element-f96d976 elementor-widget elementor-widget-text-editor\" data-id=\"f96d976\" data-element_type=\"widget\" data-e-type=\"widget\" data-widget_type=\"text-editor.default\">\n\t\t\t\t<div class=\"elementor-widget-container\">\n\t\t\t\t\t\t\t\t\t<p>He was born on November 17, 1962. in Bogati\u0107. He finished elementary school &#8220;Laza K. Lazarevic&#8221; in Klenj, and secondary school in Bogati\u0107. He graduated from the Faculty of Law of the University of Belgrade. He has passed the bar exam.<\/p>\n<p>He has 32 years of work experience, and in his previous work career, he performed the duties of a public defender, as well as the head of the local tax administration. On several occasions, he was the head of the Municipal Administration of Bogati\u0107 Municipality, and by the Decision of the Municipal Council of Bogati\u0107 Municipality from 04.11.2019. After a public competition, he was appointed as the head of the Municipal Administration of the Bogati\u0107 municipality for a period of five years.<\/p>\n<p>Married, father of two children, lives in the family house in Klenj.<\/p>\n\t\t\t\t\t\t\t\t<\/div>\n\t\t\t\t<\/div>\n\t\t\t\t\t<\/div>\n\t\t\t\t<\/div>\n\t\t\t\t\t<\/div>\n\t\t\t\t<\/div>\n\t\t\t\t\t<\/div>\n\t\t\t\t<\/div>\n\t\t\t\t<\/div>\n\t\t\t\t\t<\/div>\n\t\t\t\t<\/div>\n\t\t\t\t<\/div>\n\t\t","protected":false},"excerpt":{"rendered":"<p>[bellows config_id=&#8221;main&#8221; menu=&#8221;23&#8243;] Head of the Municipal Administration &#8211; Branko Danilovi\u0107 Branko Danilovi\u0107 He was born on November 17, 1962. in Bogati\u0107. He finished elementary school &#8220;Laza K. Lazarevic&#8221; in Klenj, and secondary school in Bogati\u0107. He graduated from the Faculty of Law of the University of Belgrade. He has passed the bar exam. He [&hellip;]<\/p>\n","protected":false},"author":8,"featured_media":0,"parent":13201,"menu_order":0,"comment_status":"closed","ping_status":"closed","template":"","meta":{"footnotes":""},"class_list":["post-13195","page","type-page","status-publish","hentry"],"blocksy_meta":[],"yoast_head":"<!-- This site is optimized with the Yoast SEO plugin v27.1.1 - https:\/\/yoast.com\/product\/yoast-seo-wordpress\/ -->\n<title>Head of the Municipal Administration - Branko Danilovi\u0107 - Bogati\u0107<\/title>\n<meta name=\"description\" content=\"Bogati\u0107 - Head of the Municipal Administration - Branko Danilovi\u0107\" \/>\n<meta name=\"robots\" content=\"index, follow, max-snippet:-1, max-image-preview:large, max-video-preview:-1\" \/>\n<link rel=\"canonical\" href=\"https:\/\/bogatic.rs\/en\/local-government\/municipal-administration-of-bogatic-municipality\/head-of-the-municipal-administration-branko-danilovic\/\" \/>\n<meta property=\"og:locale\" content=\"en_US\" \/>\n<meta property=\"og:type\" content=\"article\" \/>\n<meta property=\"og:title\" content=\"Head of the Municipal Administration - Branko Danilovi\u0107 - Bogati\u0107\" \/>\n<meta property=\"og:description\" content=\"Bogati\u0107 - Head of the Municipal Administration - Branko Danilovi\u0107\" \/>\n<meta property=\"og:url\" content=\"https:\/\/bogatic.rs\/en\/local-government\/municipal-administration-of-bogatic-municipality\/head-of-the-municipal-administration-branko-danilovic\/\" \/>\n<meta property=\"og:site_name\" content=\"Bogati\u0107\" \/>\n<meta property=\"article:modified_time\" content=\"2023-02-20T10:28:13+00:00\" \/>\n<meta property=\"og:image\" content=\"https:\/\/bogatic.rs\/wp-content\/uploads\/2023\/01\/Branko-Danilovic-1024x618.jpg\" \/>\n<meta name=\"twitter:card\" content=\"summary_large_image\" \/>\n<meta name=\"twitter:label1\" content=\"Est. reading time\" \/>\n\t<meta name=\"twitter:data1\" content=\"1 minute\" \/>\n<script type=\"application\/ld+json\" class=\"yoast-schema-graph\">{\"@context\":\"https:\/\/schema.org\",\"@graph\":[{\"@type\":\"WebPage\",\"@id\":\"https:\/\/bogatic.rs\/en\/local-government\/municipal-administration-of-bogatic-municipality\/head-of-the-municipal-administration-branko-danilovic\/\",\"url\":\"https:\/\/bogatic.rs\/en\/local-government\/municipal-administration-of-bogatic-municipality\/head-of-the-municipal-administration-branko-danilovic\/\",\"name\":\"Head of the Municipal Administration - Branko Danilovi\u0107 - Bogati\u0107\",\"isPartOf\":{\"@id\":\"https:\/\/bogatic.rs\/#website\"},\"primaryImageOfPage\":{\"@id\":\"https:\/\/bogatic.rs\/en\/local-government\/municipal-administration-of-bogatic-municipality\/head-of-the-municipal-administration-branko-danilovic\/#primaryimage\"},\"image\":{\"@id\":\"https:\/\/bogatic.rs\/en\/local-government\/municipal-administration-of-bogatic-municipality\/head-of-the-municipal-administration-branko-danilovic\/#primaryimage\"},\"thumbnailUrl\":\"https:\/\/bogatic.rs\/wp-content\/uploads\/2023\/01\/Branko-Danilovic-1024x618.jpg\",\"datePublished\":\"2023-01-20T08:56:28+00:00\",\"dateModified\":\"2023-02-20T10:28:13+00:00\",\"description\":\"Bogati\u0107 - Head of the Municipal Administration - Branko Danilovi\u0107\",\"breadcrumb\":{\"@id\":\"https:\/\/bogatic.rs\/en\/local-government\/municipal-administration-of-bogatic-municipality\/head-of-the-municipal-administration-branko-danilovic\/#breadcrumb\"},\"inLanguage\":\"en-US\",\"potentialAction\":[{\"@type\":\"ReadAction\",\"target\":[\"https:\/\/bogatic.rs\/en\/local-government\/municipal-administration-of-bogatic-municipality\/head-of-the-municipal-administration-branko-danilovic\/\"]}]},{\"@type\":\"ImageObject\",\"inLanguage\":\"en-US\",\"@id\":\"https:\/\/bogatic.rs\/en\/local-government\/municipal-administration-of-bogatic-municipality\/head-of-the-municipal-administration-branko-danilovic\/#primaryimage\",\"url\":\"https:\/\/bogatic.rs\/wp-content\/uploads\/2023\/01\/Branko-Danilovic-1024x618.jpg\",\"contentUrl\":\"https:\/\/bogatic.rs\/wp-content\/uploads\/2023\/01\/Branko-Danilovic-1024x618.jpg\"},{\"@type\":\"BreadcrumbList\",\"@id\":\"https:\/\/bogatic.rs\/en\/local-government\/municipal-administration-of-bogatic-municipality\/head-of-the-municipal-administration-branko-danilovic\/#breadcrumb\",\"itemListElement\":[{\"@type\":\"ListItem\",\"position\":1,\"name\":\"Home\",\"item\":\"https:\/\/bogatic.rs\/\"},{\"@type\":\"ListItem\",\"position\":2,\"name\":\"Local government\",\"item\":\"https:\/\/bogatic.rs\/lokalna-samouprava\/\"},{\"@type\":\"ListItem\",\"position\":3,\"name\":\"Municipal administration of Bogati\u0107 municipality\",\"item\":\"https:\/\/bogatic.rs\/en\/local-government\/municipal-administration-of-bogatic-municipality\/\"},{\"@type\":\"ListItem\",\"position\":4,\"name\":\"Head of the Municipal Administration &#8211; Branko Danilovi\u0107\"}]},{\"@type\":\"WebSite\",\"@id\":\"https:\/\/bogatic.rs\/#website\",\"url\":\"https:\/\/bogatic.rs\/\",\"name\":\"Bogati\u0107\",\"description\":\"Zvani\u010dni sajt Op\u0161tine Bogati\u0107\",\"publisher\":{\"@id\":\"https:\/\/bogatic.rs\/#organization\"},\"potentialAction\":[{\"@type\":\"SearchAction\",\"target\":{\"@type\":\"EntryPoint\",\"urlTemplate\":\"https:\/\/bogatic.rs\/?s={search_term_string}\"},\"query-input\":{\"@type\":\"PropertyValueSpecification\",\"valueRequired\":true,\"valueName\":\"search_term_string\"}}],\"inLanguage\":\"en-US\"},{\"@type\":\"Organization\",\"@id\":\"https:\/\/bogatic.rs\/#organization\",\"name\":\"Bogati\u0107\",\"url\":\"https:\/\/bogatic.rs\/\",\"logo\":{\"@type\":\"ImageObject\",\"inLanguage\":\"en-US\",\"@id\":\"https:\/\/bogatic.rs\/#\/schema\/logo\/image\/\",\"url\":\"https:\/\/bogatic.rs\/wp-content\/uploads\/2022\/12\/large-logo.png\",\"contentUrl\":\"https:\/\/bogatic.rs\/wp-content\/uploads\/2022\/12\/large-logo.png\",\"width\":700,\"height\":520,\"caption\":\"Bogati\u0107\"},\"image\":{\"@id\":\"https:\/\/bogatic.rs\/#\/schema\/logo\/image\/\"}}]}<\/script>\n<!-- \/ Yoast SEO plugin. -->","yoast_head_json":{"title":"Head of the Municipal Administration - Branko Danilovi\u0107 - Bogati\u0107","description":"Bogati\u0107 - Head of the Municipal Administration - Branko Danilovi\u0107","robots":{"index":"index","follow":"follow","max-snippet":"max-snippet:-1","max-image-preview":"max-image-preview:large","max-video-preview":"max-video-preview:-1"},"canonical":"https:\/\/bogatic.rs\/en\/local-government\/municipal-administration-of-bogatic-municipality\/head-of-the-municipal-administration-branko-danilovic\/","og_locale":"en_US","og_type":"article","og_title":"Head of the Municipal Administration - Branko Danilovi\u0107 - Bogati\u0107","og_description":"Bogati\u0107 - Head of the Municipal Administration - Branko Danilovi\u0107","og_url":"https:\/\/bogatic.rs\/en\/local-government\/municipal-administration-of-bogatic-municipality\/head-of-the-municipal-administration-branko-danilovic\/","og_site_name":"Bogati\u0107","article_modified_time":"2023-02-20T10:28:13+00:00","og_image":[{"url":"https:\/\/bogatic.rs\/wp-content\/uploads\/2023\/01\/Branko-Danilovic-1024x618.jpg","type":"","width":"","height":""}],"twitter_card":"summary_large_image","twitter_misc":{"Est. reading time":"1 minute"},"schema":{"@context":"https:\/\/schema.org","@graph":[{"@type":"WebPage","@id":"https:\/\/bogatic.rs\/en\/local-government\/municipal-administration-of-bogatic-municipality\/head-of-the-municipal-administration-branko-danilovic\/","url":"https:\/\/bogatic.rs\/en\/local-government\/municipal-administration-of-bogatic-municipality\/head-of-the-municipal-administration-branko-danilovic\/","name":"Head of the Municipal Administration - Branko Danilovi\u0107 - Bogati\u0107","isPartOf":{"@id":"https:\/\/bogatic.rs\/#website"},"primaryImageOfPage":{"@id":"https:\/\/bogatic.rs\/en\/local-government\/municipal-administration-of-bogatic-municipality\/head-of-the-municipal-administration-branko-danilovic\/#primaryimage"},"image":{"@id":"https:\/\/bogatic.rs\/en\/local-government\/municipal-administration-of-bogatic-municipality\/head-of-the-municipal-administration-branko-danilovic\/#primaryimage"},"thumbnailUrl":"https:\/\/bogatic.rs\/wp-content\/uploads\/2023\/01\/Branko-Danilovic-1024x618.jpg","datePublished":"2023-01-20T08:56:28+00:00","dateModified":"2023-02-20T10:28:13+00:00","description":"Bogati\u0107 - Head of the Municipal Administration - Branko Danilovi\u0107","breadcrumb":{"@id":"https:\/\/bogatic.rs\/en\/local-government\/municipal-administration-of-bogatic-municipality\/head-of-the-municipal-administration-branko-danilovic\/#breadcrumb"},"inLanguage":"en-US","potentialAction":[{"@type":"ReadAction","target":["https:\/\/bogatic.rs\/en\/local-government\/municipal-administration-of-bogatic-municipality\/head-of-the-municipal-administration-branko-danilovic\/"]}]},{"@type":"ImageObject","inLanguage":"en-US","@id":"https:\/\/bogatic.rs\/en\/local-government\/municipal-administration-of-bogatic-municipality\/head-of-the-municipal-administration-branko-danilovic\/#primaryimage","url":"https:\/\/bogatic.rs\/wp-content\/uploads\/2023\/01\/Branko-Danilovic-1024x618.jpg","contentUrl":"https:\/\/bogatic.rs\/wp-content\/uploads\/2023\/01\/Branko-Danilovic-1024x618.jpg"},{"@type":"BreadcrumbList","@id":"https:\/\/bogatic.rs\/en\/local-government\/municipal-administration-of-bogatic-municipality\/head-of-the-municipal-administration-branko-danilovic\/#breadcrumb","itemListElement":[{"@type":"ListItem","position":1,"name":"Home","item":"https:\/\/bogatic.rs\/"},{"@type":"ListItem","position":2,"name":"Local government","item":"https:\/\/bogatic.rs\/lokalna-samouprava\/"},{"@type":"ListItem","position":3,"name":"Municipal administration of Bogati\u0107 municipality","item":"https:\/\/bogatic.rs\/en\/local-government\/municipal-administration-of-bogatic-municipality\/"},{"@type":"ListItem","position":4,"name":"Head of the Municipal Administration &#8211; Branko Danilovi\u0107"}]},{"@type":"WebSite","@id":"https:\/\/bogatic.rs\/#website","url":"https:\/\/bogatic.rs\/","name":"Bogati\u0107","description":"Zvani\u010dni sajt Op\u0161tine Bogati\u0107","publisher":{"@id":"https:\/\/bogatic.rs\/#organization"},"potentialAction":[{"@type":"SearchAction","target":{"@type":"EntryPoint","urlTemplate":"https:\/\/bogatic.rs\/?s={search_term_string}"},"query-input":{"@type":"PropertyValueSpecification","valueRequired":true,"valueName":"search_term_string"}}],"inLanguage":"en-US"},{"@type":"Organization","@id":"https:\/\/bogatic.rs\/#organization","name":"Bogati\u0107","url":"https:\/\/bogatic.rs\/","logo":{"@type":"ImageObject","inLanguage":"en-US","@id":"https:\/\/bogatic.rs\/#\/schema\/logo\/image\/","url":"https:\/\/bogatic.rs\/wp-content\/uploads\/2022\/12\/large-logo.png","contentUrl":"https:\/\/bogatic.rs\/wp-content\/uploads\/2022\/12\/large-logo.png","width":700,"height":520,"caption":"Bogati\u0107"},"image":{"@id":"https:\/\/bogatic.rs\/#\/schema\/logo\/image\/"}}]}},"_links":{"self":[{"href":"https:\/\/bogatic.rs\/en\/wp-json\/wp\/v2\/pages\/13195","targetHints":{"allow":["GET"]}}],"collection":[{"href":"https:\/\/bogatic.rs\/en\/wp-json\/wp\/v2\/pages"}],"about":[{"href":"https:\/\/bogatic.rs\/en\/wp-json\/wp\/v2\/types\/page"}],"author":[{"embeddable":true,"href":"https:\/\/bogatic.rs\/en\/wp-json\/wp\/v2\/users\/8"}],"replies":[{"embeddable":true,"href":"https:\/\/bogatic.rs\/en\/wp-json\/wp\/v2\/comments?post=13195"}],"version-history":[{"count":0,"href":"https:\/\/bogatic.rs\/en\/wp-json\/wp\/v2\/pages\/13195\/revisions"}],"up":[{"embeddable":true,"href":"https:\/\/bogatic.rs\/en\/wp-json\/wp\/v2\/pages\/13201"}],"wp:attachment":[{"href":"https:\/\/bogatic.rs\/en\/wp-json\/wp\/v2\/media?parent=13195"}],"curies":[{"name":"wp","href":"https:\/\/api.w.org\/{rel}","templated":true}]}}