{"id":13234,"date":"2023-01-19T11:27:13","date_gmt":"2023-01-19T11:27:13","guid":{"rendered":"https:\/\/harmonitydev.bogatic.rs\/deputy-president-of-the-municipal-assembly-dragan-acimovic\/"},"modified":"2023-02-20T10:36:49","modified_gmt":"2023-02-20T10:36:49","slug":"deputy-president-of-the-municipal-assembly-dragan-acimovic","status":"publish","type":"page","link":"https:\/\/bogatic.rs\/en\/local-government\/bogatic-municipality-assembly\/deputy-president-of-the-municipal-assembly-dragan-acimovic\/","title":{"rendered":"Deputy President of the Municipal Assembly &#8211; Dragan A\u0107imovi\u0107"},"content":{"rendered":"\t\t<div data-elementor-type=\"wp-page\" data-elementor-id=\"13234\" class=\"elementor elementor-13234\">\n\t\t\t\t<div class=\"elementor-element elementor-element-c60ec12 e-flex e-con-boxed e-con e-parent\" data-id=\"c60ec12\" data-element_type=\"container\" data-e-type=\"container\">\n\t\t\t\t\t<div class=\"e-con-inner\">\n\t\t<div class=\"elementor-element elementor-element-5ff6cef e-con-full e-flex e-con e-parent\" data-id=\"5ff6cef\" data-element_type=\"container\" data-e-type=\"container\">\n\t\t\t\t<div class=\"elementor-element elementor-element-1fb4f30 elementor-widget elementor-widget-shortcode\" data-id=\"1fb4f30\" data-element_type=\"widget\" data-e-type=\"widget\" data-widget_type=\"shortcode.default\">\n\t\t\t\t<div class=\"elementor-widget-container\">\n\t\t\t\t\t\t\t<div class=\"elementor-shortcode\">[bellows config_id=\"main\" menu=\"23\"]<\/div>\n\t\t\t\t\t\t<\/div>\n\t\t\t\t<\/div>\n\t\t\t\t<\/div>\n\t\t<div class=\"elementor-element elementor-element-397caef e-con-full e-flex e-con e-parent\" data-id=\"397caef\" data-element_type=\"container\" data-e-type=\"container\">\n\t\t<div class=\"elementor-element elementor-element-9c167d7 content-wrapper e-flex e-con-boxed e-con e-parent\" data-id=\"9c167d7\" data-element_type=\"container\" data-e-type=\"container\">\n\t\t\t\t\t<div class=\"e-con-inner\">\n\t\t<div class=\"elementor-element elementor-element-2da9cb1 e-flex e-con-boxed e-con e-parent\" data-id=\"2da9cb1\" data-element_type=\"container\" data-e-type=\"container\">\n\t\t\t\t\t<div class=\"e-con-inner\">\n\t\t\t\t<div class=\"elementor-element elementor-element-be9e021 elementor-widget elementor-widget-heading\" data-id=\"be9e021\" data-element_type=\"widget\" data-e-type=\"widget\" data-widget_type=\"heading.default\">\n\t\t\t\t<div class=\"elementor-widget-container\">\n\t\t\t\t\t<h2 class=\"elementor-heading-title elementor-size-default\">Deputy President of the Municipal Assembly - Dragan A\u0107imovi\u0107<\/h2>\t\t\t\t<\/div>\n\t\t\t\t<\/div>\n\t\t\t\t\t<\/div>\n\t\t\t\t<\/div>\n\t\t<div class=\"elementor-element elementor-element-ce2388b e-flex e-con-boxed e-con e-parent\" data-id=\"ce2388b\" data-element_type=\"container\" data-e-type=\"container\">\n\t\t\t\t\t<div class=\"e-con-inner\">\n\t\t<div class=\"elementor-element elementor-element-ef7c953 e-con-full e-flex e-con e-parent\" data-id=\"ef7c953\" data-element_type=\"container\" data-e-type=\"container\">\n\t\t\t\t<div class=\"elementor-element elementor-element-3fb9f43 elementor-widget elementor-widget-image\" data-id=\"3fb9f43\" data-element_type=\"widget\" data-e-type=\"widget\" data-widget_type=\"image.default\">\n\t\t\t\t<div class=\"elementor-widget-container\">\n\t\t\t\t\t\t\t\t\t\t\t\t\t\t\t\t<a href=\"https:\/\/bogatic.rs\/wp-content\/uploads\/2023\/01\/Zamenik-predsednika-Skupstine-opstine-\u2013-Dragan-Acimovic.jpg\" data-elementor-open-lightbox=\"yes\" data-elementor-lightbox-title=\"Zamenik predsednika Skup\u0161tine op\u0161tine \u2013 Dragan A\u0107imovi\u0107\" data-e-action-hash=\"#elementor-action%3Aaction%3Dlightbox%26settings%3DeyJpZCI6MTI3NTMsInVybCI6Imh0dHBzOlwvXC9ib2dhdGljLnJzXC93cC1jb250ZW50XC91cGxvYWRzXC8yMDIzXC8wMVwvWmFtZW5pay1wcmVkc2VkbmlrYS1Ta3Vwc3RpbmUtb3BzdGluZS1cdTIwMTMtRHJhZ2FuLUFjaW1vdmljLmpwZyJ9\">\n\t\t\t\t\t\t\t<img fetchpriority=\"high\" decoding=\"async\" width=\"927\" height=\"639\" src=\"https:\/\/bogatic.rs\/wp-content\/uploads\/2023\/01\/Zamenik-predsednika-Skupstine-opstine-\u2013-Dragan-Acimovic.jpg\" class=\"attachment-large size-large wp-image-12753\" alt=\"\" srcset=\"https:\/\/bogatic.rs\/wp-content\/uploads\/2023\/01\/Zamenik-predsednika-Skupstine-opstine-\u2013-Dragan-Acimovic.jpg 927w, https:\/\/bogatic.rs\/wp-content\/uploads\/2023\/01\/Zamenik-predsednika-Skupstine-opstine-\u2013-Dragan-Acimovic-300x207.jpg 300w, https:\/\/bogatic.rs\/wp-content\/uploads\/2023\/01\/Zamenik-predsednika-Skupstine-opstine-\u2013-Dragan-Acimovic-768x529.jpg 768w\" sizes=\"(max-width: 927px) 100vw, 927px\" \/>\t\t\t\t\t\t\t\t<\/a>\n\t\t\t\t\t\t\t\t\t\t\t\t\t\t\t<\/div>\n\t\t\t\t<\/div>\n\t\t\t\t<div class=\"elementor-element elementor-element-ad66b2f elementor-widget elementor-widget-text-editor\" data-id=\"ad66b2f\" data-element_type=\"widget\" data-e-type=\"widget\" data-widget_type=\"text-editor.default\">\n\t\t\t\t<div class=\"elementor-widget-container\">\n\t\t\t\t\t\t\t\t\t<p style=\"text-align: center;\">Deputy President of the Municipal Assembly &#8211; Dragan A\u0107imovi\u0107<\/p>\n\t\t\t\t\t\t\t\t<\/div>\n\t\t\t\t<\/div>\n\t\t\t\t<\/div>\n\t\t<div class=\"elementor-element elementor-element-6af23bf e-flex e-con-boxed e-con e-parent\" data-id=\"6af23bf\" data-element_type=\"container\" data-e-type=\"container\">\n\t\t\t\t\t<div class=\"e-con-inner\">\n\t\t\t\t<div class=\"elementor-element elementor-element-9cd2d4b elementor-widget elementor-widget-text-editor\" data-id=\"9cd2d4b\" data-element_type=\"widget\" data-e-type=\"widget\" data-widget_type=\"text-editor.default\">\n\t\t\t\t<div class=\"elementor-widget-container\">\n\t\t\t\t\t\t\t\t\t<p>The President of the Municipal Assembly has a deputy who replaces him in case of his absence and inability to perform his duties.<\/p>\n<p>The Deputy President of the Municipal Assembly is elected in the same way as the President of the Municipal Assembly. The mandate of the Deputy President of the Municipal Assembly expires before the end of the term for which he was elected under the same conditions as the President of the Municipal Assembly.<\/p>\n<p>The Deputy President of the Municipal Assembly may work permanently in the municipality.<\/p>\n<p><strong>Dragan Acimovi\u0107<\/strong><\/p>\n\t\t\t\t\t\t\t\t<\/div>\n\t\t\t\t<\/div>\n\t\t\t\t\t<\/div>\n\t\t\t\t<\/div>\n\t\t\t\t\t<\/div>\n\t\t\t\t<\/div>\n\t\t<div class=\"elementor-element elementor-element-bf24189 e-flex e-con-boxed e-con e-parent\" data-id=\"bf24189\" data-element_type=\"container\" data-e-type=\"container\">\n\t\t\t\t\t<div class=\"e-con-inner\">\n\t\t\t\t<div class=\"elementor-element elementor-element-e1d09bf elementor-widget elementor-widget-text-editor\" data-id=\"e1d09bf\" data-element_type=\"widget\" data-e-type=\"widget\" data-widget_type=\"text-editor.default\">\n\t\t\t\t<div class=\"elementor-widget-container\">\n\t\t\t\t\t\t\t\t\t<p>Dragan A\u0107imovi\u0107 from Banovo Polje was born on 03 September 1976 in \u0160abac. He is a successful private entrepreneur, married and the father of two children. Long-time president of the Municipal Board of the Serbian Radical Party in Bogatic. In the period from 2008 until 2012 He was a member of the National Assembly of the Republic of Serbia. Member of the Bogati\u0107 Municipal Assembly for several mandates, and since 2008 until 2010 and deputy president of Bogati\u0107 municipality.<\/p>\n\t\t\t\t\t\t\t\t<\/div>\n\t\t\t\t<\/div>\n\t\t\t\t\t<\/div>\n\t\t\t\t<\/div>\n\t\t\t\t\t<\/div>\n\t\t\t\t<\/div>\n\t\t\t\t<\/div>\n\t\t\t\t\t<\/div>\n\t\t\t\t<\/div>\n\t\t\t\t<\/div>\n\t\t","protected":false},"excerpt":{"rendered":"<p>[bellows config_id=&#8221;main&#8221; menu=&#8221;23&#8243;] Deputy President of the Municipal Assembly &#8211; Dragan A\u0107imovi\u0107 Deputy President of the Municipal Assembly &#8211; Dragan A\u0107imovi\u0107 The President of the Municipal Assembly has a deputy who replaces him in case of his absence and inability to perform his duties. The Deputy President of the Municipal Assembly is elected in the [&hellip;]<\/p>\n","protected":false},"author":8,"featured_media":0,"parent":13239,"menu_order":0,"comment_status":"closed","ping_status":"closed","template":"","meta":{"footnotes":""},"class_list":["post-13234","page","type-page","status-publish","hentry"],"blocksy_meta":[],"yoast_head":"<!-- This site is optimized with the Yoast SEO plugin v27.1.1 - https:\/\/yoast.com\/product\/yoast-seo-wordpress\/ -->\n<title>Deputy President of the Municipal Assembly - Dragan A\u0107imovi\u0107 - Bogati\u0107<\/title>\n<meta name=\"description\" content=\"Bogati\u0107 - Deputy President of the Municipal Assembly - Dragan A\u0107imovi\u0107\" \/>\n<meta name=\"robots\" content=\"index, follow, max-snippet:-1, max-image-preview:large, max-video-preview:-1\" \/>\n<link rel=\"canonical\" href=\"https:\/\/bogatic.rs\/en\/local-government\/bogatic-municipality-assembly\/deputy-president-of-the-municipal-assembly-dragan-acimovic\/\" \/>\n<meta property=\"og:locale\" content=\"en_US\" \/>\n<meta property=\"og:type\" content=\"article\" \/>\n<meta property=\"og:title\" content=\"Deputy President of the Municipal Assembly - Dragan A\u0107imovi\u0107 - Bogati\u0107\" \/>\n<meta property=\"og:description\" content=\"Bogati\u0107 - Deputy President of the Municipal Assembly - Dragan A\u0107imovi\u0107\" \/>\n<meta property=\"og:url\" content=\"https:\/\/bogatic.rs\/en\/local-government\/bogatic-municipality-assembly\/deputy-president-of-the-municipal-assembly-dragan-acimovic\/\" \/>\n<meta property=\"og:site_name\" content=\"Bogati\u0107\" \/>\n<meta property=\"article:modified_time\" content=\"2023-02-20T10:36:49+00:00\" \/>\n<meta property=\"og:image\" content=\"https:\/\/bogatic.rs\/wp-content\/uploads\/2023\/02\/1200px-Zgrada_starog_okruznog_nacelstva_u_Bogaticu_01.jpg\" \/>\n\t<meta property=\"og:image:width\" content=\"1200\" \/>\n\t<meta property=\"og:image:height\" content=\"675\" \/>\n\t<meta property=\"og:image:type\" content=\"image\/jpeg\" \/>\n<meta name=\"twitter:card\" content=\"summary_large_image\" \/>\n<meta name=\"twitter:label1\" content=\"Est. reading time\" \/>\n\t<meta name=\"twitter:data1\" content=\"1 minute\" \/>\n<script type=\"application\/ld+json\" class=\"yoast-schema-graph\">{\"@context\":\"https:\/\/schema.org\",\"@graph\":[{\"@type\":\"WebPage\",\"@id\":\"https:\/\/bogatic.rs\/en\/local-government\/bogatic-municipality-assembly\/deputy-president-of-the-municipal-assembly-dragan-acimovic\/\",\"url\":\"https:\/\/bogatic.rs\/en\/local-government\/bogatic-municipality-assembly\/deputy-president-of-the-municipal-assembly-dragan-acimovic\/\",\"name\":\"Deputy President of the Municipal Assembly - Dragan A\u0107imovi\u0107 - Bogati\u0107\",\"isPartOf\":{\"@id\":\"https:\/\/bogatic.rs\/#website\"},\"datePublished\":\"2023-01-19T11:27:13+00:00\",\"dateModified\":\"2023-02-20T10:36:49+00:00\",\"description\":\"Bogati\u0107 - Deputy President of the Municipal Assembly - Dragan A\u0107imovi\u0107\",\"breadcrumb\":{\"@id\":\"https:\/\/bogatic.rs\/en\/local-government\/bogatic-municipality-assembly\/deputy-president-of-the-municipal-assembly-dragan-acimovic\/#breadcrumb\"},\"inLanguage\":\"en-US\",\"potentialAction\":[{\"@type\":\"ReadAction\",\"target\":[\"https:\/\/bogatic.rs\/en\/local-government\/bogatic-municipality-assembly\/deputy-president-of-the-municipal-assembly-dragan-acimovic\/\"]}]},{\"@type\":\"BreadcrumbList\",\"@id\":\"https:\/\/bogatic.rs\/en\/local-government\/bogatic-municipality-assembly\/deputy-president-of-the-municipal-assembly-dragan-acimovic\/#breadcrumb\",\"itemListElement\":[{\"@type\":\"ListItem\",\"position\":1,\"name\":\"Home\",\"item\":\"https:\/\/bogatic.rs\/\"},{\"@type\":\"ListItem\",\"position\":2,\"name\":\"Local government\",\"item\":\"https:\/\/bogatic.rs\/lokalna-samouprava\/\"},{\"@type\":\"ListItem\",\"position\":3,\"name\":\"Bogati\u0107 Municipality Assembly\",\"item\":\"https:\/\/bogatic.rs\/en\/local-government\/bogatic-municipality-assembly\/\"},{\"@type\":\"ListItem\",\"position\":4,\"name\":\"Deputy President of the Municipal Assembly &#8211; Dragan A\u0107imovi\u0107\"}]},{\"@type\":\"WebSite\",\"@id\":\"https:\/\/bogatic.rs\/#website\",\"url\":\"https:\/\/bogatic.rs\/\",\"name\":\"Bogati\u0107\",\"description\":\"Zvani\u010dni sajt Op\u0161tine Bogati\u0107\",\"publisher\":{\"@id\":\"https:\/\/bogatic.rs\/#organization\"},\"potentialAction\":[{\"@type\":\"SearchAction\",\"target\":{\"@type\":\"EntryPoint\",\"urlTemplate\":\"https:\/\/bogatic.rs\/?s={search_term_string}\"},\"query-input\":{\"@type\":\"PropertyValueSpecification\",\"valueRequired\":true,\"valueName\":\"search_term_string\"}}],\"inLanguage\":\"en-US\"},{\"@type\":\"Organization\",\"@id\":\"https:\/\/bogatic.rs\/#organization\",\"name\":\"Bogati\u0107\",\"url\":\"https:\/\/bogatic.rs\/\",\"logo\":{\"@type\":\"ImageObject\",\"inLanguage\":\"en-US\",\"@id\":\"https:\/\/bogatic.rs\/#\/schema\/logo\/image\/\",\"url\":\"https:\/\/bogatic.rs\/wp-content\/uploads\/2022\/12\/large-logo.png\",\"contentUrl\":\"https:\/\/bogatic.rs\/wp-content\/uploads\/2022\/12\/large-logo.png\",\"width\":700,\"height\":520,\"caption\":\"Bogati\u0107\"},\"image\":{\"@id\":\"https:\/\/bogatic.rs\/#\/schema\/logo\/image\/\"}}]}<\/script>\n<!-- \/ Yoast SEO plugin. -->","yoast_head_json":{"title":"Deputy President of the Municipal Assembly - Dragan A\u0107imovi\u0107 - Bogati\u0107","description":"Bogati\u0107 - Deputy President of the Municipal Assembly - Dragan A\u0107imovi\u0107","robots":{"index":"index","follow":"follow","max-snippet":"max-snippet:-1","max-image-preview":"max-image-preview:large","max-video-preview":"max-video-preview:-1"},"canonical":"https:\/\/bogatic.rs\/en\/local-government\/bogatic-municipality-assembly\/deputy-president-of-the-municipal-assembly-dragan-acimovic\/","og_locale":"en_US","og_type":"article","og_title":"Deputy President of the Municipal Assembly - Dragan A\u0107imovi\u0107 - Bogati\u0107","og_description":"Bogati\u0107 - Deputy President of the Municipal Assembly - Dragan A\u0107imovi\u0107","og_url":"https:\/\/bogatic.rs\/en\/local-government\/bogatic-municipality-assembly\/deputy-president-of-the-municipal-assembly-dragan-acimovic\/","og_site_name":"Bogati\u0107","article_modified_time":"2023-02-20T10:36:49+00:00","og_image":[{"width":1200,"height":675,"url":"https:\/\/bogatic.rs\/wp-content\/uploads\/2023\/02\/1200px-Zgrada_starog_okruznog_nacelstva_u_Bogaticu_01.jpg","type":"image\/jpeg"}],"twitter_card":"summary_large_image","twitter_misc":{"Est. reading time":"1 minute"},"schema":{"@context":"https:\/\/schema.org","@graph":[{"@type":"WebPage","@id":"https:\/\/bogatic.rs\/en\/local-government\/bogatic-municipality-assembly\/deputy-president-of-the-municipal-assembly-dragan-acimovic\/","url":"https:\/\/bogatic.rs\/en\/local-government\/bogatic-municipality-assembly\/deputy-president-of-the-municipal-assembly-dragan-acimovic\/","name":"Deputy President of the Municipal Assembly - Dragan A\u0107imovi\u0107 - Bogati\u0107","isPartOf":{"@id":"https:\/\/bogatic.rs\/#website"},"datePublished":"2023-01-19T11:27:13+00:00","dateModified":"2023-02-20T10:36:49+00:00","description":"Bogati\u0107 - Deputy President of the Municipal Assembly - Dragan A\u0107imovi\u0107","breadcrumb":{"@id":"https:\/\/bogatic.rs\/en\/local-government\/bogatic-municipality-assembly\/deputy-president-of-the-municipal-assembly-dragan-acimovic\/#breadcrumb"},"inLanguage":"en-US","potentialAction":[{"@type":"ReadAction","target":["https:\/\/bogatic.rs\/en\/local-government\/bogatic-municipality-assembly\/deputy-president-of-the-municipal-assembly-dragan-acimovic\/"]}]},{"@type":"BreadcrumbList","@id":"https:\/\/bogatic.rs\/en\/local-government\/bogatic-municipality-assembly\/deputy-president-of-the-municipal-assembly-dragan-acimovic\/#breadcrumb","itemListElement":[{"@type":"ListItem","position":1,"name":"Home","item":"https:\/\/bogatic.rs\/"},{"@type":"ListItem","position":2,"name":"Local government","item":"https:\/\/bogatic.rs\/lokalna-samouprava\/"},{"@type":"ListItem","position":3,"name":"Bogati\u0107 Municipality Assembly","item":"https:\/\/bogatic.rs\/en\/local-government\/bogatic-municipality-assembly\/"},{"@type":"ListItem","position":4,"name":"Deputy President of the Municipal Assembly &#8211; Dragan A\u0107imovi\u0107"}]},{"@type":"WebSite","@id":"https:\/\/bogatic.rs\/#website","url":"https:\/\/bogatic.rs\/","name":"Bogati\u0107","description":"Zvani\u010dni sajt Op\u0161tine Bogati\u0107","publisher":{"@id":"https:\/\/bogatic.rs\/#organization"},"potentialAction":[{"@type":"SearchAction","target":{"@type":"EntryPoint","urlTemplate":"https:\/\/bogatic.rs\/?s={search_term_string}"},"query-input":{"@type":"PropertyValueSpecification","valueRequired":true,"valueName":"search_term_string"}}],"inLanguage":"en-US"},{"@type":"Organization","@id":"https:\/\/bogatic.rs\/#organization","name":"Bogati\u0107","url":"https:\/\/bogatic.rs\/","logo":{"@type":"ImageObject","inLanguage":"en-US","@id":"https:\/\/bogatic.rs\/#\/schema\/logo\/image\/","url":"https:\/\/bogatic.rs\/wp-content\/uploads\/2022\/12\/large-logo.png","contentUrl":"https:\/\/bogatic.rs\/wp-content\/uploads\/2022\/12\/large-logo.png","width":700,"height":520,"caption":"Bogati\u0107"},"image":{"@id":"https:\/\/bogatic.rs\/#\/schema\/logo\/image\/"}}]}},"_links":{"self":[{"href":"https:\/\/bogatic.rs\/en\/wp-json\/wp\/v2\/pages\/13234","targetHints":{"allow":["GET"]}}],"collection":[{"href":"https:\/\/bogatic.rs\/en\/wp-json\/wp\/v2\/pages"}],"about":[{"href":"https:\/\/bogatic.rs\/en\/wp-json\/wp\/v2\/types\/page"}],"author":[{"embeddable":true,"href":"https:\/\/bogatic.rs\/en\/wp-json\/wp\/v2\/users\/8"}],"replies":[{"embeddable":true,"href":"https:\/\/bogatic.rs\/en\/wp-json\/wp\/v2\/comments?post=13234"}],"version-history":[{"count":0,"href":"https:\/\/bogatic.rs\/en\/wp-json\/wp\/v2\/pages\/13234\/revisions"}],"up":[{"embeddable":true,"href":"https:\/\/bogatic.rs\/en\/wp-json\/wp\/v2\/pages\/13239"}],"wp:attachment":[{"href":"https:\/\/bogatic.rs\/en\/wp-json\/wp\/v2\/media?parent=13234"}],"curies":[{"name":"wp","href":"https:\/\/api.w.org\/{rel}","templated":true}]}}